{"id":6185,"date":"2017-11-27T10:43:45","date_gmt":"2017-11-27T09:43:45","guid":{"rendered":"http:\/\/www.fho.bz.it\/?page_id=6185\/"},"modified":"2025-06-12T12:29:26","modified_gmt":"2025-06-12T10:29:26","slug":"fibra-ottica","status":"publish","type":"page","link":"https:\/\/www.fho.bz.it\/it\/fibra-ottica\/","title":{"rendered":"Fibra Ottica"},"content":{"rendered":"<div class=\"wpb-content-wrapper\">[vc_row][vc_column][mk_padding_divider size=&#8221;20&#8243;][\/vc_column][\/vc_row][mk_page_section bg_image=&#8221;https:\/\/www.fho.bz.it\/heiz2_\/wp-content\/uploads\/fho-glasfaser.jpg&#8221; attachment=&#8221;fixed&#8221; bg_position=&#8221;center top&#8221; bg_repeat=&#8221;no-repeat&#8221; bg_stretch=&#8221;true&#8221; enable_3d=&#8221;true&#8221; video_opacity=&#8221;0&#8243; min_height=&#8221;0&#8243; padding_top=&#8221;0&#8243; padding_bottom=&#8221;0&#8243; el_class=&#8221;big-image&#8221; sidebar=&#8221;sidebar-1&#8243; first_page=&#8221;false&#8221; last_page=&#8221;false&#8221;][vc_column][\/vc_column][\/mk_page_section][vc_row][vc_column][mk_padding_divider][mk_fancy_title color=&#8221;#329c32&#8243; size=&#8221;36&#8243; force_font_size=&#8221;true&#8221; size_tablet=&#8221;32&#8243; size_phone=&#8221;26&#8243; font_weight=&#8221;bold&#8221; txt_transform=&#8221;uppercase&#8221; margin_top=&#8221;60&#8243; margin_bottom=&#8221;50&#8243; font_family=&#8221;Roboto+Slab&#8221; font_type=&#8221;google&#8221; align=&#8221;center&#8221; animation=&#8221;fade-in&#8221;]Allacciamento Banda larga[\/mk_fancy_title][vc_column_text css=&#8221;.vc_custom_1749724143376{margin-bottom: 0px !important;}&#8221;]I gestori devono essere contattati direttamente dagli interessati per l\u2019allacciamento. La Centrale Teleriscaldamento Valdaora SPA non si prende nessuna responsabilit\u00e0.<\/p>\n<p><strong>Gestori:<\/strong><\/p>\n<p>I seguenti gestori (provider) sono disponibili per\u00a0l\u2019attivazione della fibra ottica:<\/p>\n<p><a href=\"https:\/\/www.brennercom.it\">Brennercom<\/a> &#8211; <a href=\"tel:+398008328324\">Tel. 800832832<\/a><\/p>\n<p><a href=\"https:\/\/www.connetical.it\/\">Connetical<\/a> &#8211; <a href=\"tel:+390490998487\">Tel. 049 099 8487<\/a><\/p>\n<p><a href=\"https:\/\/www.ess.it\/inso-glas-privat.html\/\">insoGlas<\/a> &#8211; <a href=\"tel:+390474565255\">Tel. 0474 565255<\/a><\/p>\n<p><a href=\"https:\/\/konverto.eu\/\">Konverto<\/a> &#8211; <a href=\"tel:+390471%20064500\">Tel. 0471 064500<\/a><\/p>\n<p><a href=\"https:\/\/www.stadtwerke.it\/\">Stadtwerke Bruneck<\/a> &#8211; <a href=\"tel:+390474533566\">Tel. 0474 533566<\/a><\/p>\n<p><a href=\"https:\/\/www.suedtirolnet.it\/\">S\u00fcdtirolnet<\/a> &#8211; <a href=\"tel:+390472801894\">Tel. 0472 801894<\/a><\/p>\n<p><a href=\"https:\/\/www.telmekom.net\/\">Telmekom<\/a> &#8211; <a href=\"tel:+390473553700\">Tel. 0473 553700<\/a>[\/vc_column_text][\/vc_column][\/vc_row][vc_row disable_element=&#8221;yes&#8221;][vc_column][mk_padding_divider][mk_fancy_title color=&#8221;#329c32&#8243; size=&#8221;36&#8243; force_font_size=&#8221;true&#8221; size_tablet=&#8221;32&#8243; size_phone=&#8221;26&#8243; font_weight=&#8221;bold&#8221; txt_transform=&#8221;uppercase&#8221; margin_top=&#8221;60&#8243; margin_bottom=&#8221;50&#8243; font_family=&#8221;Roboto+Slab&#8221; font_type=&#8221;google&#8221; align=&#8221;center&#8221; animation=&#8221;fade-in&#8221;]Fibra ottica\u00a0&#8211;\u00a0informazioni[\/mk_fancy_title][vc_accordions action_style=&#8221;toggle-action&#8221; container_bg_color=&#8221;#ffffff&#8221; responsive=&#8221;false&#8221;][vc_accordion_tab title=&#8221;Che cosa sono le fibre ottiche?&#8221;][vc_column_text]Le fibre ottiche sono dei sottilissimi filamenti in materiale vetroso in grado di condurre la luce. Le fibre ottiche sono usate per trasferire dati mediante impulsi luminosi senza che si generino radiazioni elettromagnetiche. Una connessione Internet a fibra ottica \u00e8 di gran lunga pi\u00f9 veloce di una tradizionale connessione ADSL.[\/vc_column_text][\/vc_accordion_tab][vc_accordion_tab title=&#8221;Quando sar\u00f2 ultimata la rete in fibra ottica a Valdaora e Sorafurcia?&#8221;][vc_column_text]Il progetto \u00e8 gi\u00e0 in fase di progettazione; L&#8217;intera opera \u00e8 suddivisa in diversi lotti e l&#8217;inizio dei lavori \u00e8 previsto per la primavera 2018. Si prevede che i primi clienti potranno utilizzare internet a banda larga dall\u2019inizio del 2019.[\/vc_column_text][\/vc_accordion_tab][vc_accordion_tab title=&#8221;Chi collabora?&#8221;][vc_column_text]Il comune di Valdaora e la centrale di teleriscaldamento Valdaora SpA hanno stipulato un\u2019accordo quadro per realizzare la rete a fibra ottica a Valdaora e Sorafurcia. Il contratto di allacciamento avviene tramite compilazione di modulo di richiesta esclusivamente presso la centrale di teleriscaldamento di Valdaora.[\/vc_column_text][\/vc_accordion_tab][vc_accordion_tab title=&#8221;Chi pu\u00f2 richiedere l\u2019allacciamento alla rete in fibra ottica?&#8221;][vc_column_text]Tutte le cittadine e i cittadini e tutte le aziende che si trovano nel raggio d&#8217;azione della rete a banda larga, possono richiedere un&#8217;allacciamento alla fibra ottica (anche chi non \u00e9 collegato al teleriscaldamento).<\/p>\n<p>Le cittadine e i cittadini e le aziende fuori del raggio d&#8217;azione della rete a banda larga sono casi speciali che devono essere discusso con il teleriscaldamento Valdaora SpA.[\/vc_column_text][\/vc_accordion_tab][vc_accordion_tab title=&#8221;Che cosa devono fare gli immobili senza allacciamento al teleriscaldamento?&#8221;][vc_column_text]Gli immobili senza allacciamento al teleriscaldamento devono mettere a disposizione una condotta per il cavo in fibra ottica sulla propria propriet\u00e0. In questo caso i dettagli vanno discussi con il teleriscaldamento di Valdaora o meglio il progettista.[\/vc_column_text][\/vc_accordion_tab][vc_accordion_tab title=&#8221;Quanto costa l\u00b4allacciamento alla rete in fibra ottica e di quali costi aggiuntivi si deve tenere conto?&#8221;][vc_column_text]\n<ul>\n<li><strong>Costi di allacciamento una tantum:<\/strong> Sono i costi per il cavo a fibre ottiche sul proprio fondo immobiliare fino al box finale e del box finale stesso.<br \/>\nPrivati: 300 \u20ac IVA inclusiva <strong>(entro il 30.04.2018 150 \u20ac IVA inclusa)<\/strong><br \/>\nAziende: 600 \u20ac + IVA <strong>(entro il 30.04.2018 300 \u20ac + IVA)<\/strong><\/li>\n<li><strong>Kit di montaggio:<\/strong> All&#8217;occorrenza un kit di montaggio (formato dalla presa per la fibra ottica (OTO) incluso 50 metri di cavo a fibre ottiche e il collaudo \u2013 senza cablaggio) viene messo a disposizione dal teleriscaldamento di Valdaora al prezzo di 125 \u20ac + IVA. L&#8217; utente finale deve provvedere al cablaggio nella propria casa a proprie spese (a seconda della complessit\u00e1 del cablaggio si deve calcolare con circa 100 &#8211; 200 \u20ac). <strong>L&#8217;installazione dell&#8217;OTO e il corrispettivo cablaggio dovr\u00e1 essere realizzato preventivamente;<\/strong> in tal durante l&#8217;installazione del box finale potremo collegare quest\u00b4ultimo con l&#8217;OTO e collaudare la linea (verr\u00e1 inoltre misurata la velocit\u00e1 della linea dal POP fino all&#8217;OTO, che viene anche richiesta dal Provider).<\/li>\n<li><strong>Costi del provider:<\/strong> I provider al momento non sono definiti. Il cliente pu\u00f2 scegliere fra diversi provider che offrono diversi pacchetti di upload e download, tra i quali il cliente potr\u00e0 scegliere quello pi\u00f9 adatto alle sue esigenze. I costi mensili del provider iniziano con circa 30 \u20ac per privati e 40 \u20ac per aziende.<\/li>\n<\/ul>\n[\/vc_column_text][\/vc_accordion_tab][vc_accordion_tab title=&#8221;Posso sfruttare il vantaggio del costo di allacciamento dimezzato senza che realizzo l\u00b4allacciamento completo alla fibra ottica?&#8221;][vc_column_text]<strong>Si, \u00e9 possibile e deve essere assolutamente sfruttato.<\/strong> Si pu\u00f3 realizzare soltanto l&#8217;allacciamento alla rete in fibra ottica nel vano caldaia e in un secondo momento il cablaggio nella propria casa e il contratto con un provider. Tenga in considerazione, che la larghezza di banda necessaria cresce di anno in anno e che un collegamento ADSL tra alcuni anni non sar\u00e1 pi\u00fa sufficiente. In tal modo pu\u00f3 attrezzarsi in maniera adeguata nel momento giusto e pu\u00f3 risparmiare la met\u00e1 dei costi di allacciamento <strong>(entro il 30.04.2018).<\/strong>[\/vc_column_text][\/vc_accordion_tab][vc_accordion_tab title=&#8221;Come saranno calcolati i costi per condomini ed edifici multi-familiari?&#8221;][vc_column_text]I costi di allacciamento sono calcolati per nucleo famigliare, cio\u00e8 un edificio multi-familiare o condominio paga l&#8217;importo previsto per ogni unit\u00e0 abitativa che si collega. Per esempio una casa con 5 appartamenti, di cui 4 si collegano = 4 x 150,00 \u20ac (o 4 x 300 \u20ac a partire dal 01.05.2018). Per i condomini \u00e8 l&#8217;amministratore condominiale a stipulare il contratto di allacciamento con la centrale di teleriscaldamento Valdaora.[\/vc_column_text][\/vc_accordion_tab][vc_accordion_tab title=&#8221;Come posso richiedere l&#8217;allacciamento alla rete in fibra ottica?&#8221;][vc_column_text]Pu\u00f2 richiedere l&#8217;allacciamento alla fibra ottica direttamente in loco, presso il teleriscaldamento di Valdaora. In alternative pu\u00f2 scaricare il modulo qui sotto, compilarlo e consegnarlo al teleriscaldamento.<\/p>\n<p>Consegnare il modulo entro il 30.04.2018 conviene, poich\u00e9 pu\u00f2 approfittare della riduzione dei costi di allacciamento.[\/vc_column_text][\/vc_accordion_tab][vc_accordion_tab title=&#8221;Grafico esempio di allacciamento in una casa unifamiliare&#8221;][mk_image src=&#8221;https:\/\/www.fho.bz.it\/heiz2_\/wp-content\/uploads\/grafica-allacciamento.png&#8221; image_size=&#8221;large&#8221;][\/vc_accordion_tab][\/vc_accordions][\/vc_column][\/vc_row][vc_row disable_element=&#8221;yes&#8221;][vc_column width=&#8221;1\/2&#8243;][mk_fancy_title tag_name=&#8221;h3&#8243; color=&#8221;#329c32&#8243; size=&#8221;26&#8243; font_weight=&#8221;bold&#8221; txt_transform=&#8221;uppercase&#8221; font_family=&#8221;none&#8221;]Raggio d&#8217;azione della rete[\/mk_fancy_title][mk_image src=&#8221;https:\/\/www.fho.bz.it\/heiz2_\/wp-content\/uploads\/einzugsgebiet-it.jpg&#8221; image_size=&#8221;large&#8221; lightbox=&#8221;true&#8221;][\/vc_column][vc_column width=&#8221;1\/2&#8243;][mk_fancy_title tag_name=&#8221;h3&#8243; color=&#8221;#329c32&#8243; size=&#8221;26&#8243; font_weight=&#8221;bold&#8221; txt_transform=&#8221;uppercase&#8221; font_family=&#8221;none&#8221;]Downloads\u00a0Fibra ottica[\/mk_fancy_title][mk_button dimension=&#8221;flat&#8221; corner_style=&#8221;full_rounded&#8221; size=&#8221;medium&#8221; url=&#8221;https:\/\/www.fho.bz.it\/heiz2_\/wp-content\/uploads\/contratto-banda-larga.pdf&#8221; target=&#8221;_blank&#8221; margin_top=&#8221;15&#8243; margin_right=&#8221;0&#8243; bg_color=&#8221;#329c32&#8243; btn_hover_bg=&#8221;#000000&#8243; btn_hover_txt_color=&#8221;#ffffff&#8221;]DOWNLOAD CONTRATTO BANDA LARGA[\/mk_button][mk_button dimension=&#8221;flat&#8221; corner_style=&#8221;full_rounded&#8221; size=&#8221;medium&#8221; url=&#8221;https:\/\/www.fho.bz.it\/heiz2_\/wp-content\/uploads\/glasfaser-flugblatt-fho-it.pdf&#8221; target=&#8221;_blank&#8221; margin_top=&#8221;15&#8243; margin_right=&#8221;0&#8243; bg_color=&#8221;#329c32&#8243; btn_hover_bg=&#8221;#000000&#8243; btn_hover_txt_color=&#8221;#ffffff&#8221;]DOWNLOAD DEPLIANT[\/mk_button][mk_button dimension=&#8221;flat&#8221; corner_style=&#8221;full_rounded&#8221; size=&#8221;medium&#8221; url=&#8221;https:\/\/www.fho.bz.it\/heiz2_\/wp-content\/uploads\/2019-04-05-info-allacciamento-banda-larga.pdf&#8221; target=&#8221;_blank&#8221; margin_top=&#8221;15&#8243; margin_right=&#8221;0&#8243; bg_color=&#8221;#329c32&#8243; btn_hover_bg=&#8221;#000000&#8243; btn_hover_txt_color=&#8221;#ffffff&#8221;]INFO ALLACCIAMENTO E PROVIDER[\/mk_button][\/vc_column][\/vc_row][vc_row][vc_column][mk_padding_divider size=&#8221;100&#8243;][\/vc_column][\/vc_row]\n<\/div>","protected":false},"excerpt":{"rendered":"<p>[vc_row][vc_column][mk_padding_divider size=&#8221;20&#8243;][\/vc_column][\/vc_row][mk_page_section bg_image=&#8221;https:\/\/www.fho.bz.it\/heiz2_\/wp-content\/uploads\/fho-glasfaser.jpg&#8221; attachment=&#8221;fixed&#8221; bg_position=&#8221;center top&#8221; bg_repeat=&#8221;no-repeat&#8221; bg_stretch=&#8221;true&#8221; enable_3d=&#8221;true&#8221; video_opacity=&#8221;0&#8243; min_height=&#8221;0&#8243; padding_top=&#8221;0&#8243; padding_bottom=&#8221;0&#8243; el_class=&#8221;big-image&#8221; sidebar=&#8221;sidebar-1&#8243; first_page=&#8221;false&#8221; last_page=&#8221;false&#8221;][vc_column][\/vc_column][\/mk_page_section][vc_row][vc_column][mk_padding_divider][mk_fancy_title color=&#8221;#329c32&#8243; size=&#8221;36&#8243; force_font_size=&#8221;true&#8221; size_tablet=&#8221;32&#8243; size_phone=&#8221;26&#8243; font_weight=&#8221;bold&#8221; txt_transform=&#8221;uppercase&#8221; margin_top=&#8221;60&#8243; margin_bottom=&#8221;50&#8243; font_family=&#8221;Roboto+Slab&#8221; font_type=&#8221;google&#8221; align=&#8221;center&#8221; animation=&#8221;fade-in&#8221;]Allacciamento Banda larga[\/mk_fancy_title][vc_column_text css=&#8221;.vc_custom_1749724143376{margin-bottom: 0px !important;}&#8221;]I gestori devono essere contattati direttamente dagli interessati per l\u2019allacciamento. La Centrale Teleriscaldamento Valdaora SPA non si prende nessuna responsabilit\u00e0. Gestori: [&hellip;]<\/p>\n","protected":false},"author":1,"featured_media":0,"parent":0,"menu_order":0,"comment_status":"closed","ping_status":"closed","template":"","meta":{"footnotes":""},"class_list":["post-6185","page","type-page","status-publish","hentry"],"_links":{"self":[{"href":"https:\/\/www.fho.bz.it\/it\/wp-json\/wp\/v2\/pages\/6185","targetHints":{"allow":["GET"]}}],"collection":[{"href":"https:\/\/www.fho.bz.it\/it\/wp-json\/wp\/v2\/pages"}],"about":[{"href":"https:\/\/www.fho.bz.it\/it\/wp-json\/wp\/v2\/types\/page"}],"author":[{"embeddable":true,"href":"https:\/\/www.fho.bz.it\/it\/wp-json\/wp\/v2\/users\/1"}],"replies":[{"embeddable":true,"href":"https:\/\/www.fho.bz.it\/it\/wp-json\/wp\/v2\/comments?post=6185"}],"version-history":[{"count":5,"href":"https:\/\/www.fho.bz.it\/it\/wp-json\/wp\/v2\/pages\/6185\/revisions"}],"predecessor-version":[{"id":6837,"href":"https:\/\/www.fho.bz.it\/it\/wp-json\/wp\/v2\/pages\/6185\/revisions\/6837"}],"wp:attachment":[{"href":"https:\/\/www.fho.bz.it\/it\/wp-json\/wp\/v2\/media?parent=6185"}],"curies":[{"name":"wp","href":"https:\/\/api.w.org\/{rel}","templated":true}]}}